{"id":174,"date":"2022-10-31T16:44:15","date_gmt":"2022-10-31T19:44:15","guid":{"rendered":"https:\/\/www.alirent.com.uy\/?page_id=174"},"modified":"2022-11-01T17:13:26","modified_gmt":"2022-11-01T20:13:26","slug":"preguntas-frecuentes","status":"publish","type":"page","link":"https:\/\/www.alirent.com.uy\/index.php\/preguntas-frecuentes\/","title":{"rendered":"Preguntas Frecuentes"},"content":{"rendered":"\t\t<div data-elementor-type=\"wp-page\" data-elementor-id=\"174\" class=\"elementor elementor-174\">\n\t\t\t\t\t\t\t\t\t<section class=\"elementor-section elementor-top-section elementor-element elementor-element-4d522b1 elementor-section-boxed elementor-section-height-default elementor-section-height-default\" data-id=\"4d522b1\" data-element_type=\"section\">\n\t\t\t\t\t\t<div class=\"elementor-container elementor-column-gap-default\">\n\t\t\t\t\t<div class=\"elementor-column elementor-col-100 elementor-top-column elementor-element elementor-element-cf77d63\" data-id=\"cf77d63\" data-element_type=\"column\">\n\t\t\t<div class=\"elementor-widget-wrap elementor-element-populated\">\n\t\t\t\t\t\t\t\t<div class=\"elementor-element elementor-element-e6a4136 elementor-widget elementor-widget-heading\" data-id=\"e6a4136\" data-element_type=\"widget\" data-widget_type=\"heading.default\">\n\t\t\t\t<div class=\"elementor-widget-container\">\n\t\t\t<style>\/*! elementor - v3.7.7 - 20-09-2022 *\/\n.elementor-heading-title{padding:0;margin:0;line-height:1}.elementor-widget-heading .elementor-heading-title[class*=elementor-size-]>a{color:inherit;font-size:inherit;line-height:inherit}.elementor-widget-heading .elementor-heading-title.elementor-size-small{font-size:15px}.elementor-widget-heading .elementor-heading-title.elementor-size-medium{font-size:19px}.elementor-widget-heading .elementor-heading-title.elementor-size-large{font-size:29px}.elementor-widget-heading .elementor-heading-title.elementor-size-xl{font-size:39px}.elementor-widget-heading .elementor-heading-title.elementor-size-xxl{font-size:59px}<\/style><h2 class=\"elementor-heading-title elementor-size-default\">preguntas frecuentes<\/h2>\t\t<\/div>\n\t\t\t\t<\/div>\n\t\t\t\t\t<\/div>\n\t\t<\/div>\n\t\t\t\t\t\t\t<\/div>\n\t\t<\/section>\n\t\t\t\t<section class=\"elementor-section elementor-top-section elementor-element elementor-element-92c91ba elementor-section-content-middle elementor-section-boxed elementor-section-height-default elementor-section-height-default\" data-id=\"92c91ba\" data-element_type=\"section\">\n\t\t\t\t\t\t<div class=\"elementor-container elementor-column-gap-no\">\n\t\t\t\t\t<div class=\"elementor-column elementor-col-100 elementor-top-column elementor-element elementor-element-9b27fa9\" data-id=\"9b27fa9\" data-element_type=\"column\">\n\t\t\t<div class=\"elementor-widget-wrap elementor-element-populated\">\n\t\t\t\t\t\t\t\t<div class=\"elementor-element elementor-element-67b0aa97 elementor-widget elementor-widget-toggle\" data-id=\"67b0aa97\" data-element_type=\"widget\" data-widget_type=\"toggle.default\">\n\t\t\t\t<div class=\"elementor-widget-container\">\n\t\t\t<style>\/*! elementor - v3.7.7 - 20-09-2022 *\/\n.elementor-toggle{text-align:left}.elementor-toggle .elementor-tab-title{font-weight:700;line-height:1;margin:0;padding:15px;border-bottom:1px solid #d4d4d4;cursor:pointer;outline:none}.elementor-toggle .elementor-tab-title .elementor-toggle-icon{display:inline-block;width:1em}.elementor-toggle .elementor-tab-title .elementor-toggle-icon svg{-webkit-margin-start:-5px;margin-inline-start:-5px;width:1em;height:1em}.elementor-toggle .elementor-tab-title .elementor-toggle-icon.elementor-toggle-icon-right{float:right;text-align:right}.elementor-toggle .elementor-tab-title .elementor-toggle-icon.elementor-toggle-icon-left{float:left;text-align:left}.elementor-toggle .elementor-tab-title .elementor-toggle-icon .elementor-toggle-icon-closed{display:block}.elementor-toggle .elementor-tab-title .elementor-toggle-icon .elementor-toggle-icon-opened{display:none}.elementor-toggle .elementor-tab-title.elementor-active{border-bottom:none}.elementor-toggle .elementor-tab-title.elementor-active .elementor-toggle-icon-closed{display:none}.elementor-toggle .elementor-tab-title.elementor-active .elementor-toggle-icon-opened{display:block}.elementor-toggle .elementor-tab-content{padding:15px;border-bottom:1px solid #d4d4d4;display:none}@media (max-width:767px){.elementor-toggle .elementor-tab-title{padding:12px}.elementor-toggle .elementor-tab-content{padding:12px 10px}}.e-container>.elementor-widget-toggle{width:var(--container-widget-width,100%)}<\/style>\t\t<div class=\"elementor-toggle\" role=\"tablist\">\n\t\t\t\t\t\t\t<div class=\"elementor-toggle-item\">\n\t\t\t\t\t<div id=\"elementor-tab-title-1731\" class=\"elementor-tab-title\" data-tab=\"1\" role=\"tab\" aria-controls=\"elementor-tab-content-1731\" aria-expanded=\"false\">\n\t\t\t\t\t\t\t\t\t\t\t\t<span class=\"elementor-toggle-icon elementor-toggle-icon-right\" aria-hidden=\"true\">\n\t\t\t\t\t\t\t\t\t\t\t\t\t\t\t<span class=\"elementor-toggle-icon-closed\"><i class=\"fas fa-caret-right\"><\/i><\/span>\n\t\t\t\t\t\t\t\t<span class=\"elementor-toggle-icon-opened\"><i class=\"elementor-toggle-icon-opened fas fa-caret-up\"><\/i><\/span>\n\t\t\t\t\t\t\t\t\t\t\t\t\t<\/span>\n\t\t\t\t\t\t\t\t\t\t\t\t<a href=\"\" class=\"elementor-toggle-title\">\u00bfCu\u00e1l es el periodo m\u00ednimo para el alquiler de veh\u00edculos?<\/a>\n\t\t\t\t\t<\/div>\n\n\t\t\t\t\t<div id=\"elementor-tab-content-1731\" class=\"elementor-tab-content elementor-clearfix\" data-tab=\"1\" role=\"tabpanel\" aria-labelledby=\"elementor-tab-title-1731\"><p>El periodo m\u00ednimo para el alquiler de veh\u00edculos es de 3 dias y no existe la posibilidad de fraccionar esta tarifa.<\/p><\/div>\n\t\t\t\t<\/div>\n\t\t\t\t\t\t\t\t<\/div>\n\t\t\t\t<\/div>\n\t\t\t\t<\/div>\n\t\t\t\t<div class=\"elementor-element elementor-element-9b08004 elementor-widget elementor-widget-toggle\" data-id=\"9b08004\" data-element_type=\"widget\" data-widget_type=\"toggle.default\">\n\t\t\t\t<div class=\"elementor-widget-container\">\n\t\t\t\t\t<div class=\"elementor-toggle\" role=\"tablist\">\n\t\t\t\t\t\t\t<div class=\"elementor-toggle-item\">\n\t\t\t\t\t<div id=\"elementor-tab-title-1621\" class=\"elementor-tab-title\" data-tab=\"1\" role=\"tab\" aria-controls=\"elementor-tab-content-1621\" aria-expanded=\"false\">\n\t\t\t\t\t\t\t\t\t\t\t\t<span class=\"elementor-toggle-icon elementor-toggle-icon-right\" aria-hidden=\"true\">\n\t\t\t\t\t\t\t\t\t\t\t\t\t\t\t<span class=\"elementor-toggle-icon-closed\"><i class=\"fas fa-caret-right\"><\/i><\/span>\n\t\t\t\t\t\t\t\t<span class=\"elementor-toggle-icon-opened\"><i class=\"elementor-toggle-icon-opened fas fa-caret-up\"><\/i><\/span>\n\t\t\t\t\t\t\t\t\t\t\t\t\t<\/span>\n\t\t\t\t\t\t\t\t\t\t\t\t<a href=\"\" class=\"elementor-toggle-title\">\u00bfQu\u00e9 incluye el precio del alquiler?<\/a>\n\t\t\t\t\t<\/div>\n\n\t\t\t\t\t<div id=\"elementor-tab-content-1621\" class=\"elementor-tab-content elementor-clearfix\" data-tab=\"1\" role=\"tabpanel\" aria-labelledby=\"elementor-tab-title-1621\"><p>Nuestros precios para el alquiler de veh\u00edculos incluyen seguro, impuestos, asistencia mec\u00e1nica en todo el pa\u00eds y la posibilidad de autorizar hasta 3 conductores, adem\u00e1s todos los alquileres incluyen kilometraje libre.<br \/>Deber\u00e1 dejar un voucher de tarjeta de credito como garant\u00eda cuyo valor varia dependiendo del vehiculo.<\/p><\/div>\n\t\t\t\t<\/div>\n\t\t\t\t\t\t\t\t<\/div>\n\t\t\t\t<\/div>\n\t\t\t\t<\/div>\n\t\t\t\t<div class=\"elementor-element elementor-element-772455ae elementor-widget elementor-widget-toggle\" data-id=\"772455ae\" data-element_type=\"widget\" data-widget_type=\"toggle.default\">\n\t\t\t\t<div class=\"elementor-widget-container\">\n\t\t\t\t\t<div class=\"elementor-toggle\" role=\"tablist\">\n\t\t\t\t\t\t\t<div class=\"elementor-toggle-item\">\n\t\t\t\t\t<div id=\"elementor-tab-title-1991\" class=\"elementor-tab-title\" data-tab=\"1\" role=\"tab\" aria-controls=\"elementor-tab-content-1991\" aria-expanded=\"false\">\n\t\t\t\t\t\t\t\t\t\t\t\t<span class=\"elementor-toggle-icon elementor-toggle-icon-right\" aria-hidden=\"true\">\n\t\t\t\t\t\t\t\t\t\t\t\t\t\t\t<span class=\"elementor-toggle-icon-closed\"><i class=\"fas fa-caret-right\"><\/i><\/span>\n\t\t\t\t\t\t\t\t<span class=\"elementor-toggle-icon-opened\"><i class=\"elementor-toggle-icon-opened fas fa-caret-up\"><\/i><\/span>\n\t\t\t\t\t\t\t\t\t\t\t\t\t<\/span>\n\t\t\t\t\t\t\t\t\t\t\t\t<a href=\"\" class=\"elementor-toggle-title\">\u00bfCu\u00e1les son los medios de pago?<\/a>\n\t\t\t\t\t<\/div>\n\n\t\t\t\t\t<div id=\"elementor-tab-content-1991\" class=\"elementor-tab-content elementor-clearfix\" data-tab=\"1\" role=\"tabpanel\" aria-labelledby=\"elementor-tab-title-1991\"><p>Efectivo<br \/>MasterCard<br \/>OCA<br \/>Visa<\/p><\/div>\n\t\t\t\t<\/div>\n\t\t\t\t\t\t\t\t<\/div>\n\t\t\t\t<\/div>\n\t\t\t\t<\/div>\n\t\t\t\t<div class=\"elementor-element elementor-element-56c8e2a0 elementor-widget elementor-widget-toggle\" data-id=\"56c8e2a0\" data-element_type=\"widget\" data-widget_type=\"toggle.default\">\n\t\t\t\t<div class=\"elementor-widget-container\">\n\t\t\t\t\t<div class=\"elementor-toggle\" role=\"tablist\">\n\t\t\t\t\t\t\t<div class=\"elementor-toggle-item\">\n\t\t\t\t\t<div id=\"elementor-tab-title-1451\" class=\"elementor-tab-title\" data-tab=\"1\" role=\"tab\" aria-controls=\"elementor-tab-content-1451\" aria-expanded=\"false\">\n\t\t\t\t\t\t\t\t\t\t\t\t<span class=\"elementor-toggle-icon elementor-toggle-icon-right\" aria-hidden=\"true\">\n\t\t\t\t\t\t\t\t\t\t\t\t\t\t\t<span class=\"elementor-toggle-icon-closed\"><i class=\"fas fa-caret-right\"><\/i><\/span>\n\t\t\t\t\t\t\t\t<span class=\"elementor-toggle-icon-opened\"><i class=\"elementor-toggle-icon-opened fas fa-caret-up\"><\/i><\/span>\n\t\t\t\t\t\t\t\t\t\t\t\t\t<\/span>\n\t\t\t\t\t\t\t\t\t\t\t\t<a href=\"\" class=\"elementor-toggle-title\">\u00bfExisten descuentos o promociones para el alquiler de veh\u00edculos?<\/a>\n\t\t\t\t\t<\/div>\n\n\t\t\t\t\t<div id=\"elementor-tab-content-1451\" class=\"elementor-tab-content elementor-clearfix\" data-tab=\"1\" role=\"tabpanel\" aria-labelledby=\"elementor-tab-title-1451\"><p>Dependiendo de la \u00e9poca del a\u00f1o y de la duraci\u00f3n del alquiler, podr\u00e1 aprovechar descuentos y promociones especiales.<\/p><\/div>\n\t\t\t\t<\/div>\n\t\t\t\t\t\t\t\t<\/div>\n\t\t\t\t<\/div>\n\t\t\t\t<\/div>\n\t\t\t\t<div class=\"elementor-element elementor-element-43a5259 elementor-widget elementor-widget-toggle\" data-id=\"43a5259\" data-element_type=\"widget\" data-widget_type=\"toggle.default\">\n\t\t\t\t<div class=\"elementor-widget-container\">\n\t\t\t\t\t<div class=\"elementor-toggle\" role=\"tablist\">\n\t\t\t\t\t\t\t<div class=\"elementor-toggle-item\">\n\t\t\t\t\t<div id=\"elementor-tab-title-7091\" class=\"elementor-tab-title\" data-tab=\"1\" role=\"tab\" aria-controls=\"elementor-tab-content-7091\" aria-expanded=\"false\">\n\t\t\t\t\t\t\t\t\t\t\t\t<span class=\"elementor-toggle-icon elementor-toggle-icon-right\" aria-hidden=\"true\">\n\t\t\t\t\t\t\t\t\t\t\t\t\t\t\t<span class=\"elementor-toggle-icon-closed\"><i class=\"fas fa-caret-right\"><\/i><\/span>\n\t\t\t\t\t\t\t\t<span class=\"elementor-toggle-icon-opened\"><i class=\"elementor-toggle-icon-opened fas fa-caret-up\"><\/i><\/span>\n\t\t\t\t\t\t\t\t\t\t\t\t\t<\/span>\n\t\t\t\t\t\t\t\t\t\t\t\t<a href=\"\" class=\"elementor-toggle-title\">\u00bfQu\u00e9 es el deducible? \u00bfCu\u00e1l es su costo?<\/a>\n\t\t\t\t\t<\/div>\n\n\t\t\t\t\t<div id=\"elementor-tab-content-7091\" class=\"elementor-tab-content elementor-clearfix\" data-tab=\"1\" role=\"tabpanel\" aria-labelledby=\"elementor-tab-title-7091\"><p>El deducible determina su responsabilidad m\u00e1xima en caso de accidente durante el alquiler de veh\u00edculos. Este est\u00e1 sujeto al respeto de las normas de tr\u00e1nsito nacionales. Los costos que lo excedan, estar\u00e1n a cargo de la empresa aseguradora. El monto se especifica en los \u00abT\u00e9rminos y Condiciones\u00bb de cada veh\u00edculo de alquiler.<\/p><p>IMPORTANTE: El deducible se abona con tarjeta de cr\u00e9dito, dejando un voucher que se le reintegrar\u00e1 5 d\u00edas despu\u00e9s de la finalizaci\u00f3n del periodo de alquiler.<\/p><\/div>\n\t\t\t\t<\/div>\n\t\t\t\t\t\t\t\t<\/div>\n\t\t\t\t<\/div>\n\t\t\t\t<\/div>\n\t\t\t\t<div class=\"elementor-element elementor-element-9bc1536 elementor-widget elementor-widget-toggle\" data-id=\"9bc1536\" data-element_type=\"widget\" data-widget_type=\"toggle.default\">\n\t\t\t\t<div class=\"elementor-widget-container\">\n\t\t\t\t\t<div class=\"elementor-toggle\" role=\"tablist\">\n\t\t\t\t\t\t\t<div class=\"elementor-toggle-item\">\n\t\t\t\t\t<div id=\"elementor-tab-title-1631\" class=\"elementor-tab-title\" data-tab=\"1\" role=\"tab\" aria-controls=\"elementor-tab-content-1631\" aria-expanded=\"false\">\n\t\t\t\t\t\t\t\t\t\t\t\t<span class=\"elementor-toggle-icon elementor-toggle-icon-right\" aria-hidden=\"true\">\n\t\t\t\t\t\t\t\t\t\t\t\t\t\t\t<span class=\"elementor-toggle-icon-closed\"><i class=\"fas fa-caret-right\"><\/i><\/span>\n\t\t\t\t\t\t\t\t<span class=\"elementor-toggle-icon-opened\"><i class=\"elementor-toggle-icon-opened fas fa-caret-up\"><\/i><\/span>\n\t\t\t\t\t\t\t\t\t\t\t\t\t<\/span>\n\t\t\t\t\t\t\t\t\t\t\t\t<a href=\"\" class=\"elementor-toggle-title\">\u00bfPuedo alquilar si mi licencia de conducir es extranjera?<\/a>\n\t\t\t\t\t<\/div>\n\n\t\t\t\t\t<div id=\"elementor-tab-content-1631\" class=\"elementor-tab-content elementor-clearfix\" data-tab=\"1\" role=\"tabpanel\" aria-labelledby=\"elementor-tab-title-1631\"><p>En AliRent y para las autoridades departamentales y policiales, las licencias emitidas en el pa\u00eds de origen del visitante, son totalmente aceptadas. Para el alquiler de veh\u00edculos con nosotros, no es necesario obtener una licencia internacional.<\/p><\/div>\n\t\t\t\t<\/div>\n\t\t\t\t\t\t\t\t<\/div>\n\t\t\t\t<\/div>\n\t\t\t\t<\/div>\n\t\t\t\t<div class=\"elementor-element elementor-element-5c2af26 elementor-widget elementor-widget-toggle\" data-id=\"5c2af26\" data-element_type=\"widget\" data-widget_type=\"toggle.default\">\n\t\t\t\t<div class=\"elementor-widget-container\">\n\t\t\t\t\t<div class=\"elementor-toggle\" role=\"tablist\">\n\t\t\t\t\t\t\t<div class=\"elementor-toggle-item\">\n\t\t\t\t\t<div id=\"elementor-tab-title-9661\" class=\"elementor-tab-title\" data-tab=\"1\" role=\"tab\" aria-controls=\"elementor-tab-content-9661\" aria-expanded=\"false\">\n\t\t\t\t\t\t\t\t\t\t\t\t<span class=\"elementor-toggle-icon elementor-toggle-icon-right\" aria-hidden=\"true\">\n\t\t\t\t\t\t\t\t\t\t\t\t\t\t\t<span class=\"elementor-toggle-icon-closed\"><i class=\"fas fa-caret-right\"><\/i><\/span>\n\t\t\t\t\t\t\t\t<span class=\"elementor-toggle-icon-opened\"><i class=\"elementor-toggle-icon-opened fas fa-caret-up\"><\/i><\/span>\n\t\t\t\t\t\t\t\t\t\t\t\t\t<\/span>\n\t\t\t\t\t\t\t\t\t\t\t\t<a href=\"\" class=\"elementor-toggle-title\">\u00bfPuedo salir de Uruguay con el veh\u00edculo alquilado?<\/a>\n\t\t\t\t\t<\/div>\n\n\t\t\t\t\t<div id=\"elementor-tab-content-9661\" class=\"elementor-tab-content elementor-clearfix\" data-tab=\"1\" role=\"tabpanel\" aria-labelledby=\"elementor-tab-title-9661\"><p>Las limitaciones del seguro y regulaciones aduaneras impiden que nuestros veh\u00edculos salgan de las fronteras uruguayas.<\/p><\/div>\n\t\t\t\t<\/div>\n\t\t\t\t\t\t\t\t<\/div>\n\t\t\t\t<\/div>\n\t\t\t\t<\/div>\n\t\t\t\t<div class=\"elementor-element elementor-element-a13538b elementor-widget elementor-widget-toggle\" data-id=\"a13538b\" data-element_type=\"widget\" data-widget_type=\"toggle.default\">\n\t\t\t\t<div class=\"elementor-widget-container\">\n\t\t\t\t\t<div class=\"elementor-toggle\" role=\"tablist\">\n\t\t\t\t\t\t\t<div class=\"elementor-toggle-item\">\n\t\t\t\t\t<div id=\"elementor-tab-title-1691\" class=\"elementor-tab-title\" data-tab=\"1\" role=\"tab\" aria-controls=\"elementor-tab-content-1691\" aria-expanded=\"false\">\n\t\t\t\t\t\t\t\t\t\t\t\t<span class=\"elementor-toggle-icon elementor-toggle-icon-right\" aria-hidden=\"true\">\n\t\t\t\t\t\t\t\t\t\t\t\t\t\t\t<span class=\"elementor-toggle-icon-closed\"><i class=\"fas fa-caret-right\"><\/i><\/span>\n\t\t\t\t\t\t\t\t<span class=\"elementor-toggle-icon-opened\"><i class=\"elementor-toggle-icon-opened fas fa-caret-up\"><\/i><\/span>\n\t\t\t\t\t\t\t\t\t\t\t\t\t<\/span>\n\t\t\t\t\t\t\t\t\t\t\t\t<a href=\"\" class=\"elementor-toggle-title\">\u00bfCon cu\u00e1nto combustible se entrega el veh\u00edculo?<\/a>\n\t\t\t\t\t<\/div>\n\n\t\t\t\t\t<div id=\"elementor-tab-content-1691\" class=\"elementor-tab-content elementor-clearfix\" data-tab=\"1\" role=\"tabpanel\" aria-labelledby=\"elementor-tab-title-1691\"><p>Todos los veh\u00edculos se entregan con al menos 1\/4 de tanque lleno.<br \/>El nivel de combustible quedar\u00e1 registrado en el contrato y al devolver el veh\u00edculo, el nivel de combustible deber\u00e1 ser similar, de lo contrario se podr\u00e1n aplicar cargos extra.<\/p><\/div>\n\t\t\t\t<\/div>\n\t\t\t\t\t\t\t\t<\/div>\n\t\t\t\t<\/div>\n\t\t\t\t<\/div>\n\t\t\t\t<div class=\"elementor-element elementor-element-005a4e4 elementor-widget elementor-widget-toggle\" data-id=\"005a4e4\" data-element_type=\"widget\" data-widget_type=\"toggle.default\">\n\t\t\t\t<div class=\"elementor-widget-container\">\n\t\t\t\t\t<div class=\"elementor-toggle\" role=\"tablist\">\n\t\t\t\t\t\t\t<div class=\"elementor-toggle-item\">\n\t\t\t\t\t<div id=\"elementor-tab-title-3691\" class=\"elementor-tab-title\" data-tab=\"1\" role=\"tab\" aria-controls=\"elementor-tab-content-3691\" aria-expanded=\"false\">\n\t\t\t\t\t\t\t\t\t\t\t\t<span class=\"elementor-toggle-icon elementor-toggle-icon-right\" aria-hidden=\"true\">\n\t\t\t\t\t\t\t\t\t\t\t\t\t\t\t<span class=\"elementor-toggle-icon-closed\"><i class=\"fas fa-caret-right\"><\/i><\/span>\n\t\t\t\t\t\t\t\t<span class=\"elementor-toggle-icon-opened\"><i class=\"elementor-toggle-icon-opened fas fa-caret-up\"><\/i><\/span>\n\t\t\t\t\t\t\t\t\t\t\t\t\t<\/span>\n\t\t\t\t\t\t\t\t\t\t\t\t<a href=\"\" class=\"elementor-toggle-title\">\u00bfSe puede obtener el alquiler de veh\u00edculos no disponibles en la flota habitual?<\/a>\n\t\t\t\t\t<\/div>\n\n\t\t\t\t\t<div id=\"elementor-tab-content-3691\" class=\"elementor-tab-content elementor-clearfix\" data-tab=\"1\" role=\"tabpanel\" aria-labelledby=\"elementor-tab-title-3691\"><p>Para el alquilar de veh\u00edculos que no est\u00e9n disponibles dentro de nuestra flota habitual, rellena el formulario que encontrar\u00e1s en la p\u00e1gina de contacto haciendo\u00a0<a href=\"https:\/\/www.alirent.com.uy\/index.php\/contacto\">click aqu\u00ed<\/a>, menciona el veh\u00edculo que necesitas, el motivo, la fecha y duraci\u00f3n estimada del alquiler, y te daremos una respuesta en breves.<\/p><\/div>\n\t\t\t\t<\/div>\n\t\t\t\t\t\t\t\t<\/div>\n\t\t\t\t<\/div>\n\t\t\t\t<\/div>\n\t\t\t\t\t<\/div>\n\t\t<\/div>\n\t\t\t\t\t\t\t<\/div>\n\t\t<\/section>\n\t\t\t\t\t\t\t<\/div>\n\t\t","protected":false},"excerpt":{"rendered":"<p>preguntas frecuentes \u00bfCu\u00e1l es el periodo m\u00ednimo para el alquiler de veh\u00edculos? El periodo m\u00ednimo para el alquiler de veh\u00edculos es de 3 dias y no existe la posibilidad de fraccionar esta tarifa. \u00bfQu\u00e9 incluye el precio del alquiler? Nuestros precios para el alquiler de veh\u00edculos incluyen seguro, impuestos, asistencia mec\u00e1nica en todo el pa\u00eds &hellip;<\/p>\n<p class=\"read-more\"> <a class=\"\" href=\"https:\/\/www.alirent.com.uy\/index.php\/preguntas-frecuentes\/\"> <span class=\"screen-reader-text\">Preguntas Frecuentes<\/span> Read More &raquo;<\/a><\/p>\n","protected":false},"author":1,"featured_media":0,"parent":0,"menu_order":0,"comment_status":"closed","ping_status":"closed","template":"","meta":{"om_disable_all_campaigns":false,"_monsterinsights_skip_tracking":false,"_monsterinsights_sitenote_active":false,"_monsterinsights_sitenote_note":"","_monsterinsights_sitenote_category":0,"_uf_show_specific_survey":0,"_uf_disable_surveys":false,"site-sidebar-layout":"no-sidebar","site-content-layout":"page-builder","ast-global-header-display":"","ast-main-header-display":"","ast-hfb-above-header-display":"","ast-hfb-below-header-display":"","ast-hfb-mobile-header-display":"","site-post-title":"disabled","ast-breadcrumbs-content":"","ast-featured-img":"disabled","footer-sml-layout":"","theme-transparent-header-meta":"","adv-header-id-meta":"","stick-header-meta":"","header-above-stick-meta":"","header-main-stick-meta":"","header-below-stick-meta":"","footnotes":""},"class_list":["post-174","page","type-page","status-publish","hentry"],"aioseo_notices":[],"yoast_head":"<!-- This site is optimized with the Yoast SEO plugin v20.11 - https:\/\/yoast.com\/wordpress\/plugins\/seo\/ -->\n<title>Preguntas Frecuentes - Alquiler de autos - Alirent<\/title>\n<meta name=\"robots\" content=\"index, follow, max-snippet:-1, max-image-preview:large, max-video-preview:-1\" \/>\n<link rel=\"canonical\" href=\"https:\/\/www.alirent.com.uy\/index.php\/preguntas-frecuentes\/\" \/>\n<meta property=\"og:locale\" content=\"es_ES\" \/>\n<meta property=\"og:type\" content=\"article\" \/>\n<meta property=\"og:title\" content=\"Preguntas Frecuentes - Alquiler de autos - Alirent\" \/>\n<meta property=\"og:description\" content=\"preguntas frecuentes \u00bfCu\u00e1l es el periodo m\u00ednimo para el alquiler de veh\u00edculos? El periodo m\u00ednimo para el alquiler de veh\u00edculos es de 3 dias y no existe la posibilidad de fraccionar esta tarifa. \u00bfQu\u00e9 incluye el precio del alquiler? Nuestros precios para el alquiler de veh\u00edculos incluyen seguro, impuestos, asistencia mec\u00e1nica en todo el pa\u00eds &hellip; Preguntas Frecuentes Read More &raquo;\" \/>\n<meta property=\"og:url\" content=\"https:\/\/www.alirent.com.uy\/index.php\/preguntas-frecuentes\/\" \/>\n<meta property=\"og:site_name\" content=\"Alquiler de autos - Alirent\" \/>\n<meta property=\"article:modified_time\" content=\"2022-11-01T20:13:26+00:00\" \/>\n<meta name=\"twitter:card\" content=\"summary_large_image\" \/>\n<meta name=\"twitter:label1\" content=\"Est. reading time\" \/>\n\t<meta name=\"twitter:data1\" content=\"2 minutos\" \/>\n<script type=\"application\/ld+json\" class=\"yoast-schema-graph\">{\"@context\":\"https:\/\/schema.org\",\"@graph\":[{\"@type\":\"WebPage\",\"@id\":\"https:\/\/www.alirent.com.uy\/index.php\/preguntas-frecuentes\/\",\"url\":\"https:\/\/www.alirent.com.uy\/index.php\/preguntas-frecuentes\/\",\"name\":\"Preguntas Frecuentes - Alquiler de autos - Alirent\",\"isPartOf\":{\"@id\":\"https:\/\/www.alirent.com.uy\/#website\"},\"datePublished\":\"2022-10-31T19:44:15+00:00\",\"dateModified\":\"2022-11-01T20:13:26+00:00\",\"breadcrumb\":{\"@id\":\"https:\/\/www.alirent.com.uy\/index.php\/preguntas-frecuentes\/#breadcrumb\"},\"inLanguage\":\"es-UY\",\"potentialAction\":[{\"@type\":\"ReadAction\",\"target\":[\"https:\/\/www.alirent.com.uy\/index.php\/preguntas-frecuentes\/\"]}]},{\"@type\":\"BreadcrumbList\",\"@id\":\"https:\/\/www.alirent.com.uy\/index.php\/preguntas-frecuentes\/#breadcrumb\",\"itemListElement\":[{\"@type\":\"ListItem\",\"position\":1,\"name\":\"Home\",\"item\":\"https:\/\/www.alirent.com.uy\/\"},{\"@type\":\"ListItem\",\"position\":2,\"name\":\"Preguntas Frecuentes\"}]},{\"@type\":\"WebSite\",\"@id\":\"https:\/\/www.alirent.com.uy\/#website\",\"url\":\"https:\/\/www.alirent.com.uy\/\",\"name\":\"Alquiler de autos - Alirent\",\"description\":\"alquiler de autos en Montevideo\",\"publisher\":{\"@id\":\"https:\/\/www.alirent.com.uy\/#organization\"},\"potentialAction\":[{\"@type\":\"SearchAction\",\"target\":{\"@type\":\"EntryPoint\",\"urlTemplate\":\"https:\/\/www.alirent.com.uy\/?s={search_term_string}\"},\"query-input\":\"required name=search_term_string\"}],\"inLanguage\":\"es-UY\"},{\"@type\":\"Organization\",\"@id\":\"https:\/\/www.alirent.com.uy\/#organization\",\"name\":\"Alquiler de autos - Alirent\",\"url\":\"https:\/\/www.alirent.com.uy\/\",\"logo\":{\"@type\":\"ImageObject\",\"inLanguage\":\"es-UY\",\"@id\":\"https:\/\/www.alirent.com.uy\/#\/schema\/logo\/image\/\",\"url\":\"https:\/\/www.alirent.com.uy\/wp-content\/uploads\/2022\/09\/Feed-Alirent-Tu-historia-Post-de-Instagram-1-e1723666635990.png\",\"contentUrl\":\"https:\/\/www.alirent.com.uy\/wp-content\/uploads\/2022\/09\/Feed-Alirent-Tu-historia-Post-de-Instagram-1-e1723666635990.png\",\"width\":795,\"height\":721,\"caption\":\"Alquiler de autos - Alirent\"},\"image\":{\"@id\":\"https:\/\/www.alirent.com.uy\/#\/schema\/logo\/image\/\"}}]}<\/script>\n<!-- \/ Yoast SEO plugin. -->","yoast_head_json":{"title":"Preguntas Frecuentes - Alquiler de autos - Alirent","robots":{"index":"index","follow":"follow","max-snippet":"max-snippet:-1","max-image-preview":"max-image-preview:large","max-video-preview":"max-video-preview:-1"},"canonical":"https:\/\/www.alirent.com.uy\/index.php\/preguntas-frecuentes\/","og_locale":"es_ES","og_type":"article","og_title":"Preguntas Frecuentes - Alquiler de autos - Alirent","og_description":"preguntas frecuentes \u00bfCu\u00e1l es el periodo m\u00ednimo para el alquiler de veh\u00edculos? El periodo m\u00ednimo para el alquiler de veh\u00edculos es de 3 dias y no existe la posibilidad de fraccionar esta tarifa. \u00bfQu\u00e9 incluye el precio del alquiler? Nuestros precios para el alquiler de veh\u00edculos incluyen seguro, impuestos, asistencia mec\u00e1nica en todo el pa\u00eds &hellip; Preguntas Frecuentes Read More &raquo;","og_url":"https:\/\/www.alirent.com.uy\/index.php\/preguntas-frecuentes\/","og_site_name":"Alquiler de autos - Alirent","article_modified_time":"2022-11-01T20:13:26+00:00","twitter_card":"summary_large_image","twitter_misc":{"Est. reading time":"2 minutos"},"schema":{"@context":"https:\/\/schema.org","@graph":[{"@type":"WebPage","@id":"https:\/\/www.alirent.com.uy\/index.php\/preguntas-frecuentes\/","url":"https:\/\/www.alirent.com.uy\/index.php\/preguntas-frecuentes\/","name":"Preguntas Frecuentes - Alquiler de autos - Alirent","isPartOf":{"@id":"https:\/\/www.alirent.com.uy\/#website"},"datePublished":"2022-10-31T19:44:15+00:00","dateModified":"2022-11-01T20:13:26+00:00","breadcrumb":{"@id":"https:\/\/www.alirent.com.uy\/index.php\/preguntas-frecuentes\/#breadcrumb"},"inLanguage":"es-UY","potentialAction":[{"@type":"ReadAction","target":["https:\/\/www.alirent.com.uy\/index.php\/preguntas-frecuentes\/"]}]},{"@type":"BreadcrumbList","@id":"https:\/\/www.alirent.com.uy\/index.php\/preguntas-frecuentes\/#breadcrumb","itemListElement":[{"@type":"ListItem","position":1,"name":"Home","item":"https:\/\/www.alirent.com.uy\/"},{"@type":"ListItem","position":2,"name":"Preguntas Frecuentes"}]},{"@type":"WebSite","@id":"https:\/\/www.alirent.com.uy\/#website","url":"https:\/\/www.alirent.com.uy\/","name":"Alquiler de autos - Alirent","description":"alquiler de autos en Montevideo","publisher":{"@id":"https:\/\/www.alirent.com.uy\/#organization"},"potentialAction":[{"@type":"SearchAction","target":{"@type":"EntryPoint","urlTemplate":"https:\/\/www.alirent.com.uy\/?s={search_term_string}"},"query-input":"required name=search_term_string"}],"inLanguage":"es-UY"},{"@type":"Organization","@id":"https:\/\/www.alirent.com.uy\/#organization","name":"Alquiler de autos - Alirent","url":"https:\/\/www.alirent.com.uy\/","logo":{"@type":"ImageObject","inLanguage":"es-UY","@id":"https:\/\/www.alirent.com.uy\/#\/schema\/logo\/image\/","url":"https:\/\/www.alirent.com.uy\/wp-content\/uploads\/2022\/09\/Feed-Alirent-Tu-historia-Post-de-Instagram-1-e1723666635990.png","contentUrl":"https:\/\/www.alirent.com.uy\/wp-content\/uploads\/2022\/09\/Feed-Alirent-Tu-historia-Post-de-Instagram-1-e1723666635990.png","width":795,"height":721,"caption":"Alquiler de autos - Alirent"},"image":{"@id":"https:\/\/www.alirent.com.uy\/#\/schema\/logo\/image\/"}}]}},"_links":{"self":[{"href":"https:\/\/www.alirent.com.uy\/index.php\/wp-json\/wp\/v2\/pages\/174","targetHints":{"allow":["GET"]}}],"collection":[{"href":"https:\/\/www.alirent.com.uy\/index.php\/wp-json\/wp\/v2\/pages"}],"about":[{"href":"https:\/\/www.alirent.com.uy\/index.php\/wp-json\/wp\/v2\/types\/page"}],"author":[{"embeddable":true,"href":"https:\/\/www.alirent.com.uy\/index.php\/wp-json\/wp\/v2\/users\/1"}],"replies":[{"embeddable":true,"href":"https:\/\/www.alirent.com.uy\/index.php\/wp-json\/wp\/v2\/comments?post=174"}],"version-history":[{"count":16,"href":"https:\/\/www.alirent.com.uy\/index.php\/wp-json\/wp\/v2\/pages\/174\/revisions"}],"predecessor-version":[{"id":334,"href":"https:\/\/www.alirent.com.uy\/index.php\/wp-json\/wp\/v2\/pages\/174\/revisions\/334"}],"wp:attachment":[{"href":"https:\/\/www.alirent.com.uy\/index.php\/wp-json\/wp\/v2\/media?parent=174"}],"curies":[{"name":"wp","href":"https:\/\/api.w.org\/{rel}","templated":true}]}}